{"id":10121,"date":"2020-06-17T18:38:11","date_gmt":"2020-06-17T16:38:11","guid":{"rendered":"http:\/\/vilco.brussels\/?page_id=10121"},"modified":"2020-06-18T07:56:33","modified_gmt":"2020-06-18T05:56:33","slug":"experimentation-12-co-construction-des-assemblees-citoyennes-de-quartiers","status":"publish","type":"page","link":"http:\/\/vilco.brussels\/?page_id=10121","title":{"rendered":"Exp\u00e9rimentation 12 &#8211; co-construction des Assembl\u00e9es Citoyennes de quartiers"},"content":{"rendered":"\n<figure class=\"wp-block-image size-large\"><img loading=\"lazy\" width=\"639\" height=\"904\" src=\"http:\/\/vilco.brussels\/wp-content\/uploads\/2020\/06\/Etterbeek_exp12.png\" alt=\"\" class=\"wp-image-10122\" srcset=\"http:\/\/vilco.brussels\/wp-content\/uploads\/2020\/06\/Etterbeek_exp12.png 639w, http:\/\/vilco.brussels\/wp-content\/uploads\/2020\/06\/Etterbeek_exp12-212x300.png 212w, http:\/\/vilco.brussels\/wp-content\/uploads\/2020\/06\/Etterbeek_exp12-106x150.png 106w\" sizes=\"(max-width: 639px) 100vw, 639px\" \/><\/figure>\n\n\n\n<p>Dynamique locale : Etterbeek (Commune, collectif Etterbeek en Transistion)<br>Th\u00e9matique : Culture de la participation<\/p>\n\n\n\n<h3>Point de d\u00e9part<\/h3>\n\n\n\n<p>L\u2019exp\u00e9rimentation consiste \u00e0 tester \u00e0 l\u2019\u00e9chelle d\u2019un quartier un nouveau format d\u2019assembl\u00e9e de quartier. L\u2019objectif \u00e9tant de d\u00e9finir les objectifs, le sens, esquisser les modalit\u00e9s et d\u2019inclure les acteurs qui ne sont pas li\u00e9s \u00e0 la participation. <\/p>\n\n\n\n<p>Les Assembl\u00e9es de quartiers sont des instances o\u00f9 si\u00e8gent les citoyens qui d\u00e9cident de l&rsquo;attribution d&rsquo;un  budget participatif ainsi que des dossiers communaux qui impactent la  vie locale. <\/p>\n\n\n\n<h3>Objectif(s) de l\u2019exp\u00e9rimentation <\/h3>\n\n\n\n<p>L&rsquo;exp\u00e9rimentation vise \u00e0  exp\u00e9rimenter le processus de co-construction  commune + citoyen.s +  VILCO. En g\u00e9n\u00e9ral, ce type de projet est  enti\u00e8rement pens\u00e9 en interne, \u00e0  huis clos, sans engager les citoyens  dans le processus. Ici,  nous voulons co-construire le  dispositif pour le valider ou  l&rsquo;invalider et surtout l&rsquo;am\u00e9liorer au  regard des apports citoyens.  <\/p>\n\n\n\n<h3>Plus concr\u00e8tement\u2026 <\/h3>\n\n\n\n<ul><li>Juillet 2019 : Premi\u00e8re r\u00e9union de travail et pr\u00e9sentation des \u00e9l\u00e9ments inspirants identifi\u00e9s par le benchmarking de SDS + exp\u00e9riences de 21 Solutions<\/li><li>Juillet 2019 : \u00c9laboration par SDS d&rsquo;un poster maquette des Assembl\u00e9es Citoyennes pour permettre d&rsquo;aller &lsquo;pr\u00e9senter et crash-tester le concept des Assembl\u00e9es&rsquo; au pr\u00e8s d&rsquo;autres acteurs<\/li><li>Ao\u00fbt 2019 : Seconde r\u00e9union de travail pour r\u00e9vision collective de la maquette et strat\u00e9gie du &lsquo;crash-test&rsquo;<\/li><li>Septembre 2019 : difficult\u00e9 \u00e0 organiser le crash-test initialement pr\u00e9vu (mobilisation compliqu\u00e9e et manque de disponibilit\u00e9)<\/li><li>Octobre 2019 : R\u00e9alisation d&rsquo;un crash-test en version r\u00e9duite (avec 4 citoyens\/acteurs actifs du quartier)<\/li><li>Novembre 2019 : Affinage du dispositif et validation des Assembl\u00e9es citoyennes par le Conseil Communal \u2013 Mise en place pr\u00e9vue de 2 premi\u00e8res assembl\u00e9es en d\u00e9but d&rsquo;ann\u00e9e 2020<\/li><\/ul>\n\n\n\n<h3>Documents <\/h3>\n\n\n\n<p>lien vers <a href=\"http:\/\/vilco.brussels\/?p=5215\">l&rsquo;article de blog<\/a> reprenant les cas inspirants d&rsquo;assembl\u00e9es citoyennes de quartier.<br><a href=\"http:\/\/vilco.brussels\/wp-content\/uploads\/2020\/06\/CB_Experimentation12.pdf\">Carnet de bord<\/a> de l&rsquo;exp\u00e9rimentation.<\/p>\n\n\n\n<h3>Vid\u00e9o<\/h3>\n\n\n\n<p><iframe loading=\"lazy\" src=\"https:\/\/player.vimeo.com\/video\/430056296\" width=\"640\" height=\"364\" frameborder=\"0\" allowfullscreen=\"allowfullscreen\">\n","protected":false},"excerpt":{"rendered":"<p>Dynamique locale : Etterbeek (Commune, collectif Etterbeek en Transistion)Th\u00e9matique : Culture de la participation Point de d\u00e9part L\u2019exp\u00e9rimentation consiste \u00e0 tester \u00e0 l\u2019\u00e9chelle d\u2019un quartier un nouveau format d\u2019assembl\u00e9e de quartier. L\u2019objectif \u00e9tant de d\u00e9finir les objectifs, le sens, esquisser les modalit\u00e9s et d\u2019inclure les acteurs qui ne sont pas li\u00e9s \u00e0 la participation. Les <a href=\"http:\/\/vilco.brussels\/?page_id=10121\" rel=\"nofollow\"><span class=\"sr-only\">Read more about Exp\u00e9rimentation 12 &#8211; co-construction des Assembl\u00e9es Citoyennes de quartiers<\/span>[&hellip;]<\/a><\/p>\n","protected":false},"author":1,"featured_media":0,"parent":3563,"menu_order":12,"comment_status":"closed","ping_status":"closed","template":"","meta":[],"_links":{"self":[{"href":"http:\/\/vilco.brussels\/index.php?rest_route=\/wp\/v2\/pages\/10121"}],"collection":[{"href":"http:\/\/vilco.brussels\/index.php?rest_route=\/wp\/v2\/pages"}],"about":[{"href":"http:\/\/vilco.brussels\/index.php?rest_route=\/wp\/v2\/types\/page"}],"author":[{"embeddable":true,"href":"http:\/\/vilco.brussels\/index.php?rest_route=\/wp\/v2\/users\/1"}],"replies":[{"embeddable":true,"href":"http:\/\/vilco.brussels\/index.php?rest_route=%2Fwp%2Fv2%2Fcomments&post=10121"}],"version-history":[{"count":6,"href":"http:\/\/vilco.brussels\/index.php?rest_route=\/wp\/v2\/pages\/10121\/revisions"}],"predecessor-version":[{"id":10165,"href":"http:\/\/vilco.brussels\/index.php?rest_route=\/wp\/v2\/pages\/10121\/revisions\/10165"}],"up":[{"embeddable":true,"href":"http:\/\/vilco.brussels\/index.php?rest_route=\/wp\/v2\/pages\/3563"}],"wp:attachment":[{"href":"http:\/\/vilco.brussels\/index.php?rest_route=%2Fwp%2Fv2%2Fmedia&parent=10121"}],"curies":[{"name":"wp","href":"https:\/\/api.w.org\/{rel}","templated":true}]}}