{"id":1602,"date":"2019-01-31T15:19:09","date_gmt":"2019-01-31T14:19:09","guid":{"rendered":"http:\/\/vilco.brussels\/?page_id=1602"},"modified":"2019-07-05T15:37:36","modified_gmt":"2019-07-05T13:37:36","slug":"experimentations","status":"publish","type":"page","link":"http:\/\/vilco.brussels\/?page_id=1602","title":{"rendered":"Agenda des exp\u00e9rimentations"},"content":{"rendered":"<p>Cette section est r\u00e9guli\u00e8rement mise \u00e0 jour et permet de suivre l&rsquo;\u00e9tat d&rsquo;avancement des exp\u00e9rimentations. Celles qui sont achev\u00e9es sont marqu\u00e9es d&rsquo;un &lsquo;Checked&rsquo;. le symbole du sablier indique quant \u00e0 lui les exp\u00e9rimentations qui sont en cours ou en pr\u00e9paration. Enfin la couleur orange est utilis\u00e9e pour les exp\u00e9rimentations qui sont collectives, c&rsquo;est-\u00e0-dire ouvertes \u00e0 l&rsquo;ensemble des dynamiques locales.<\/p>\n<p><img loading=\"lazy\" class=\"alignleft wp-image-3498\" src=\"http:\/\/vilco.brussels\/wp-content\/uploads\/2019\/01\/Screen-Shot-2019-06-27-at-10.48.07-1.png\" alt=\"\" width=\"39\" height=\"39\" srcset=\"http:\/\/vilco.brussels\/wp-content\/uploads\/2019\/01\/Screen-Shot-2019-06-27-at-10.48.07-1.png 200w, http:\/\/vilco.brussels\/wp-content\/uploads\/2019\/01\/Screen-Shot-2019-06-27-at-10.48.07-1-150x150.png 150w, http:\/\/vilco.brussels\/wp-content\/uploads\/2019\/01\/Screen-Shot-2019-06-27-at-10.48.07-1-174x174.png 174w\" sizes=\"(max-width: 39px) 100vw, 39px\" \/><\/p>\n<p><img loading=\"lazy\" class=\"wp-image-3558 alignleft\" src=\"http:\/\/vilco.brussels\/wp-content\/uploads\/2019\/01\/Scre-150x150.png\" alt=\"\" width=\"39\" height=\"39\" srcset=\"http:\/\/vilco.brussels\/wp-content\/uploads\/2019\/01\/Scre-150x150.png 150w, http:\/\/vilco.brussels\/wp-content\/uploads\/2019\/01\/Scre.png 200w, http:\/\/vilco.brussels\/wp-content\/uploads\/2019\/01\/Scre-174x174.png 174w\" sizes=\"(max-width: 39px) 100vw, 39px\" \/><\/p>\n<p>Exp\u00e9rimentation termin\u00e9e (locale\/collective)<\/p>\n<p><img loading=\"lazy\" class=\"wp-image-3557 alignleft\" src=\"http:\/\/vilco.brussels\/wp-content\/uploads\/2019\/01\/Screen-Sho-e1561716034550-150x150.png\" alt=\"\" width=\"39\" height=\"39\" srcset=\"http:\/\/vilco.brussels\/wp-content\/uploads\/2019\/01\/Screen-Sho-e1561716034550-150x150.png 150w, http:\/\/vilco.brussels\/wp-content\/uploads\/2019\/01\/Screen-Sho-e1561716034550-174x174.png 174w, http:\/\/vilco.brussels\/wp-content\/uploads\/2019\/01\/Screen-Sho-e1561716034550.png 180w\" sizes=\"(max-width: 39px) 100vw, 39px\" \/><img loading=\"lazy\" class=\"wp-image-3556 alignleft\" src=\"http:\/\/vilco.brussels\/wp-content\/uploads\/2019\/01\/Screen-Shot-2019-06-27-at-10.51.02-2-e1561716131997.png\" alt=\"\" width=\"42\" height=\"40\" srcset=\"http:\/\/vilco.brussels\/wp-content\/uploads\/2019\/01\/Screen-Shot-2019-06-27-at-10.51.02-2-e1561716131997.png 188w, http:\/\/vilco.brussels\/wp-content\/uploads\/2019\/01\/Screen-Shot-2019-06-27-at-10.51.02-2-e1561716131997-150x144.png 150w\" sizes=\"(max-width: 42px) 100vw, 42px\" \/>Exp\u00e9rimentation en cours (locale\/collective)<\/p>\n<p>&nbsp;<\/p>\n\t\t\t<section id=\"cd-timeline\" class=\"cd-container timeline-express\">\n\n\t\t\t\n<div class=\"cd-timeline-block novembre 14 2018 announcement-no-image announcement-1725\">\n\n\t\n\t\t<div class=\"cd-timeline-img cd-picture icon-no-readmore\" style=\"background:#000000;\">\n\n\t\t\t<!-- Custom Action Hook -->\n\t\t\t\n\t\t\t\t<!-- Standard Font Awesome Icon -->\n\t\t\t\t<span class=\"fa fa-check\" title=\"Mise en r\u00e9seau des laur\u00e9ats de l\u2019appel \u00e0 projets \u00ab initiatives durables \u00bb\"><\/span>\n\n\t\t\t\n\t\t<\/div> <!-- cd-timeline-img -->\n\n\t\n\t<!-- Timeline Content -->\n\t<div class=\"cd-timeline-content\">\n\n\t\t\n\t\t<!-- Announcement Title -->\n\t\t<div class=\"cd-timeline-title-container\">\n\n\t\t\t\n\t\t\t<h2 class=\"cd-timeline-item-title\">\n\t\t\t\tMise en r\u00e9seau des laur\u00e9ats de l\u2019appel \u00e0 projets \u00ab initiatives durables \u00bb\t\t\t<\/h2>\n\n\t\t\t\t\t<\/div>\n\t\t<!-- End Announcement Title -->\n\n\t\t\n\t\t<!-- Announcement Excerpt -->\n\t\t<div class=\"the-excerpt\">\n\t\t\t<p><img loading=\"lazy\" class=\"alignleft wp-image-1575\" src=\"http:\/\/vilco.brussels\/wp-content\/uploads\/2019\/01\/BXLVILLE_Exp3-150x113.jpg\" alt=\"\" width=\"180\" height=\"135\" srcset=\"http:\/\/vilco.brussels\/wp-content\/uploads\/2019\/01\/BXLVILLE_Exp3-150x113.jpg 150w, http:\/\/vilco.brussels\/wp-content\/uploads\/2019\/01\/BXLVILLE_Exp3-300x225.jpg 300w, http:\/\/vilco.brussels\/wp-content\/uploads\/2019\/01\/BXLVILLE_Exp3-768x576.jpg 768w, http:\/\/vilco.brussels\/wp-content\/uploads\/2019\/01\/BXLVILLE_Exp3-1024x768.jpg 1024w, http:\/\/vilco.brussels\/wp-content\/uploads\/2019\/01\/BXLVILLE_Exp3-285x214.jpg 285w\" sizes=\"(max-width: 180px) 100vw, 180px\" \/><em>13 Novembre 2018<\/em><\/p>\n<p><strong>Bruxelles-Ville <img loading=\"lazy\" class=\"alignright wp-image-3514\" src=\"http:\/\/vilco.brussels\/wp-content\/uploads\/2019\/06\/appelprojet.png\" alt=\"\" width=\"100\" height=\"100\" srcset=\"http:\/\/vilco.brussels\/wp-content\/uploads\/2019\/06\/appelprojet.png 155w, http:\/\/vilco.brussels\/wp-content\/uploads\/2019\/06\/appelprojet-150x150.png 150w\" sizes=\"(max-width: 100px) 100vw, 100px\" \/><br \/>\n<\/strong><\/p>\n<p>Th\u00e9matique &lsquo;projets citoyens&rsquo;<\/p>\n<p>Exp\u00e9rimentation 7<\/p>\n<p><span style=\"color: #339966\"><a href=\"http:\/\/vilco.brussels\/?p=1572\">En savoir plus sur cette exp\u00e9rimentation<\/a><\/span><\/p>\n\t\t<\/div>\n\t\t<!-- End Announcement Excerpt -->\n\n\t\t\n\t<\/div>\n\t<!-- End Timeline Content -->\n\n<\/div>\n<!-- End Timeline Block -->\n\n<div class=\"cd-timeline-block f\u00e9vrier 07 2019 announcement-no-image announcement-1728\">\n\n\t\n\t\t<div class=\"cd-timeline-img cd-picture icon-no-readmore\" style=\"background:#f06403;\">\n\n\t\t\t<!-- Custom Action Hook -->\n\t\t\t\n\t\t\t\t<!-- Standard Font Awesome Icon -->\n\t\t\t\t<span class=\"fa fa-check\" title=\"Simplifier\/all\u00e9ger les modalit\u00e9s de r\u00e9ponses aux appels \u00e0 projets\"><\/span>\n\n\t\t\t\n\t\t<\/div> <!-- cd-timeline-img -->\n\n\t\n\t<!-- Timeline Content -->\n\t<div class=\"cd-timeline-content\">\n\n\t\t\n\t\t<!-- Announcement Title -->\n\t\t<div class=\"cd-timeline-title-container\">\n\n\t\t\t\n\t\t\t<h2 class=\"cd-timeline-item-title\">\n\t\t\t\tSimplifier\/all\u00e9ger les modalit\u00e9s de r\u00e9ponses aux appels \u00e0 projets\t\t\t<\/h2>\n\n\t\t\t\t\t<\/div>\n\t\t<!-- End Announcement Title -->\n\n\t\t\n\t\t<!-- Announcement Excerpt -->\n\t\t<div class=\"the-excerpt\">\n\t\t\t<p><em>28 f\u00e9vrier 2019<\/em><\/p>\n<p><strong>Bruxelles Environnement<img loading=\"lazy\" class=\"alignright wp-image-3514\" src=\"http:\/\/vilco.brussels\/wp-content\/uploads\/2019\/06\/appelprojet-150x150.png\" alt=\"\" width=\"105\" height=\"105\" srcset=\"http:\/\/vilco.brussels\/wp-content\/uploads\/2019\/06\/appelprojet-150x150.png 150w, http:\/\/vilco.brussels\/wp-content\/uploads\/2019\/06\/appelprojet.png 155w\" sizes=\"(max-width: 105px) 100vw, 105px\" \/><\/strong><\/p>\n<p>Th\u00e9matique &lsquo;projets citoyens&rsquo;<\/p>\n<p><a href=\"http:\/\/vilco.brussels\/?page_id=6463\">Exp\u00e9rimentations 5<\/a><\/p>\n<p><a href=\"http:\/\/vilco.brussels\/?p=3655\">En savoir plus sur cette exp\u00e9rimentation<\/a><\/p>\n\t\t<\/div>\n\t\t<!-- End Announcement Excerpt -->\n\n\t\t\n\t<\/div>\n\t<!-- End Timeline Content -->\n\n<\/div>\n<!-- End Timeline Block -->\n\n<div class=\"cd-timeline-block f\u00e9vrier 08 2019 announcement-no-image announcement-1751\">\n\n\t\n\t\t<div class=\"cd-timeline-img cd-picture icon-no-readmore\" style=\"background:#000000;\">\n\n\t\t\t<!-- Custom Action Hook -->\n\t\t\t\n\t\t\t\t<!-- Standard Font Awesome Icon -->\n\t\t\t\t<span class=\"fa fa-check\" title=\"Rencontre des quartiers\"><\/span>\n\n\t\t\t\n\t\t<\/div> <!-- cd-timeline-img -->\n\n\t\n\t<!-- Timeline Content -->\n\t<div class=\"cd-timeline-content\">\n\n\t\t\n\t\t<!-- Announcement Title -->\n\t\t<div class=\"cd-timeline-title-container\">\n\n\t\t\t\n\t\t\t<h2 class=\"cd-timeline-item-title\">\n\t\t\t\tRencontre des quartiers\t\t\t<\/h2>\n\n\t\t\t\t\t<\/div>\n\t\t<!-- End Announcement Title -->\n\n\t\t\n\t\t<!-- Announcement Excerpt -->\n\t\t<div class=\"the-excerpt\">\n\t\t\t<p><img loading=\"lazy\" class=\"wp-image-5882 size-thumbnail alignleft\" src=\"http:\/\/vilco.brussels\/wp-content\/uploads\/2019\/10\/Exp8_Bxl-128x150.png\" alt=\"\" width=\"128\" height=\"150\" srcset=\"http:\/\/vilco.brussels\/wp-content\/uploads\/2019\/10\/Exp8_Bxl-128x150.png 128w, http:\/\/vilco.brussels\/wp-content\/uploads\/2019\/10\/Exp8_Bxl-257x300.png 257w, http:\/\/vilco.brussels\/wp-content\/uploads\/2019\/10\/Exp8_Bxl.png 340w\" sizes=\"(max-width: 128px) 100vw, 128px\" \/>L&rsquo;exp\u00e9rimentation consiste en l&rsquo;accompagnement de la ville de Bruxelles pour mettre en \u0153uvre un nouveau format de rencontre des quartiers.<\/p>\n<p><em>Mars \u00e0 mai 2019<\/em><\/p>\n<p><strong>Bruxelles-Ville<\/strong><img loading=\"lazy\" class=\"alignright wp-image-3546 size-thumbnail\" src=\"http:\/\/vilco.brussels\/wp-content\/uploads\/2019\/06\/Particip-150x109.png\" alt=\"\" width=\"150\" height=\"109\" srcset=\"http:\/\/vilco.brussels\/wp-content\/uploads\/2019\/06\/Particip-150x109.png 150w, http:\/\/vilco.brussels\/wp-content\/uploads\/2019\/06\/Particip-300x219.png 300w, http:\/\/vilco.brussels\/wp-content\/uploads\/2019\/06\/Particip-768x560.png 768w, http:\/\/vilco.brussels\/wp-content\/uploads\/2019\/06\/Particip-1024x746.png 1024w, http:\/\/vilco.brussels\/wp-content\/uploads\/2019\/06\/Particip.png 1059w\" sizes=\"(max-width: 150px) 100vw, 150px\" \/><\/p>\n<p>Th\u00e9matique &lsquo;culture de la participation&rsquo;<\/p>\n<p><a href=\"http:\/\/vilco.brussels\/?page_id=5874\">Exp\u00e9rimentation 8<\/a><\/p>\n<p><a href=\"http:\/\/vilco.brussels\/?p=2879\">En savoir plus sur cette exp\u00e9rimentation<\/a><\/p>\n<p>&nbsp;<\/p>\n\t\t<\/div>\n\t\t<!-- End Announcement Excerpt -->\n\n\t\t\n\t<\/div>\n\t<!-- End Timeline Content -->\n\n<\/div>\n<!-- End Timeline Block -->\n\n<div class=\"cd-timeline-block mai 25 2019 announcement-no-image announcement-2894\">\n\n\t\n\t\t<div class=\"cd-timeline-img cd-picture icon-no-readmore\" style=\"background:#f06403;\">\n\n\t\t\t<!-- Custom Action Hook -->\n\t\t\t\n\t\t\t\t<!-- Standard Font Awesome Icon -->\n\t\t\t\t<span class=\"fa fa-check\" title=\"Atelier th\u00e9matique : partage des ressources\"><\/span>\n\n\t\t\t\n\t\t<\/div> <!-- cd-timeline-img -->\n\n\t\n\t<!-- Timeline Content -->\n\t<div class=\"cd-timeline-content\">\n\n\t\t\n\t\t<!-- Announcement Title -->\n\t\t<div class=\"cd-timeline-title-container\">\n\n\t\t\t\n\t\t\t<h2 class=\"cd-timeline-item-title\">\n\t\t\t\tAtelier th\u00e9matique : partage des ressources\t\t\t<\/h2>\n\n\t\t\t\t\t<\/div>\n\t\t<!-- End Announcement Title -->\n\n\t\t\n\t\t<!-- Announcement Excerpt -->\n\t\t<div class=\"the-excerpt\">\n\t\t\t<p>Les enjeux et pistes de solutions \u00e9tant fortement similaires dans les Living-labs, Vilco propose de rassembler l\u2019ensemble des exp\u00e9rimentations li\u00e9es au partage des ressources en une exp\u00e9rimentation g\u00e9n\u00e9rale. Celle-ci ce joint au forum organis\u00e9 par Mutualisons o\u00f9 les participants seront amen\u00e9s \u00e0 \u00e9changer sur leur pratique actuelles et esquisser des services futurs de mise \u00e0 disposition ou mise en r\u00e9seaux de leurs ressources.<\/p>\n<p><em>25 mai 2019<strong><img loading=\"lazy\" class=\"alignright wp-image-3547 size-thumbnail\" src=\"http:\/\/vilco.brussels\/wp-content\/uploads\/2019\/06\/Co-ressourcessansfond-150x137.png\" alt=\"\" width=\"150\" height=\"137\" srcset=\"http:\/\/vilco.brussels\/wp-content\/uploads\/2019\/06\/Co-ressourcessansfond-150x137.png 150w, http:\/\/vilco.brussels\/wp-content\/uploads\/2019\/06\/Co-ressourcessansfond-300x274.png 300w, http:\/\/vilco.brussels\/wp-content\/uploads\/2019\/06\/Co-ressourcessansfond-768x702.png 768w, http:\/\/vilco.brussels\/wp-content\/uploads\/2019\/06\/Co-ressourcessansfond-1024x936.png 1024w, http:\/\/vilco.brussels\/wp-content\/uploads\/2019\/06\/Co-ressourcessansfond.png 1034w\" sizes=\"(max-width: 150px) 100vw, 150px\" \/><\/strong><\/em><\/p>\n<p><strong>Tous les living labs<\/strong><\/p>\n<p>Th\u00e9matique &lsquo;mutualisation des ressources&rsquo;<\/p>\n<p>Exp\u00e9rimentation 1<\/p>\n\t\t<\/div>\n\t\t<!-- End Announcement Excerpt -->\n\n\t\t\n\t<\/div>\n\t<!-- End Timeline Content -->\n\n<\/div>\n<!-- End Timeline Block -->\n\n<div class=\"cd-timeline-block juin 24 2019 announcement-no-image announcement-1837\">\n\n\t\n\t\t<div class=\"cd-timeline-img cd-picture icon-no-readmore\" style=\"background:#f06403;\">\n\n\t\t\t<!-- Custom Action Hook -->\n\t\t\t\n\t\t\t\t<!-- Standard Font Awesome Icon -->\n\t\t\t\t<span class=\"fa fa-check\" title=\"Budget de grands projets citoyens\"><\/span>\n\n\t\t\t\n\t\t<\/div> <!-- cd-timeline-img -->\n\n\t\n\t<!-- Timeline Content -->\n\t<div class=\"cd-timeline-content\">\n\n\t\t\n\t\t<!-- Announcement Title -->\n\t\t<div class=\"cd-timeline-title-container\">\n\n\t\t\t\n\t\t\t<h2 class=\"cd-timeline-item-title\">\n\t\t\t\tBudget de grands projets citoyens\t\t\t<\/h2>\n\n\t\t\t\t\t<\/div>\n\t\t<!-- End Announcement Title -->\n\n\t\t\n\t\t<!-- Announcement Excerpt -->\n\t\t<div class=\"the-excerpt\">\n\t\t\t<p>Co-construction entre Bruxelles Environnement et VILCO d&rsquo;un \u00ab\u00a0Budget de grands projets citoyens\u00a0\u00bb (quelles seraient ses modalit\u00e9s ?) et validation du concept aupr\u00e8s des citoyens.<\/p>\n<p><em>25 juin 2019<\/em><\/p>\n<p><strong>Bruxelles Environnement<\/strong><\/p>\n<p>Th\u00e9matique &lsquo;budgets participatifs&rsquo;<img loading=\"lazy\" class=\"alignright wp-image-3517\" src=\"http:\/\/vilco.brussels\/wp-content\/uploads\/2019\/06\/buget.png\" alt=\"\" width=\"93\" height=\"91\" \/><\/p>\n<p><a href=\"http:\/\/vilco.brussels\/?page_id=3907\">Exp\u00e9rimentation 6<\/a><\/p>\n<p><a href=\"http:\/\/vilco.brussels\/?p=4050\"><span style=\"color: #ff6600\">En savoir plus sur cette exp\u00e9riementation<\/span><\/a><\/p>\n\t\t<\/div>\n\t\t<!-- End Announcement Excerpt -->\n\n\t\t\n\t<\/div>\n\t<!-- End Timeline Content -->\n\n<\/div>\n<!-- End Timeline Block -->\n\n<div class=\"cd-timeline-block juillet 10 2019 announcement-no-image announcement-3353\">\n\n\t\n\t\t<div class=\"cd-timeline-img cd-picture icon-no-readmore\" style=\"background:#000000;\">\n\n\t\t\t<!-- Custom Action Hook -->\n\t\t\t\n\t\t\t\t<!-- Standard Font Awesome Icon -->\n\t\t\t\t<span class=\"fa fa-hourglass-2\" title=\"Cartographie conjointe des initiatives\"><\/span>\n\n\t\t\t\n\t\t<\/div> <!-- cd-timeline-img -->\n\n\t\n\t<!-- Timeline Content -->\n\t<div class=\"cd-timeline-content\">\n\n\t\t\n\t\t<!-- Announcement Title -->\n\t\t<div class=\"cd-timeline-title-container\">\n\n\t\t\t\n\t\t\t<h2 class=\"cd-timeline-item-title\">\n\t\t\t\tCartographie conjointe des initiatives\t\t\t<\/h2>\n\n\t\t\t\t\t<\/div>\n\t\t<!-- End Announcement Title -->\n\n\t\t\n\t\t<!-- Announcement Excerpt -->\n\t\t<div class=\"the-excerpt\">\n\t\t\t<p><img loading=\"lazy\" class=\"alignleft wp-image-3880\" src=\"http:\/\/vilco.brussels\/wp-content\/uploads\/2019\/07\/Ett_13_4-e1563523127557-1024x814.jpg\" alt=\"\" width=\"210\" height=\"167\" srcset=\"http:\/\/vilco.brussels\/wp-content\/uploads\/2019\/07\/Ett_13_4-e1563523127557-1024x814.jpg 1024w, http:\/\/vilco.brussels\/wp-content\/uploads\/2019\/07\/Ett_13_4-e1563523127557-150x119.jpg 150w, http:\/\/vilco.brussels\/wp-content\/uploads\/2019\/07\/Ett_13_4-e1563523127557-300x238.jpg 300w, http:\/\/vilco.brussels\/wp-content\/uploads\/2019\/07\/Ett_13_4-e1563523127557-768x610.jpg 768w\" sizes=\"(max-width: 210px) 100vw, 210px\" \/>L&rsquo;objectif est de co-construire une carte int\u00e9grant les besoins et ressources des initiatives citoyennes et de la commune.<\/p>\n<p><em>En cours<\/em><\/p>\n<p><strong>Etterbeek <img loading=\"lazy\" class=\"alignright wp-image-3521 size-thumbnail\" src=\"http:\/\/vilco.brussels\/wp-content\/uploads\/2019\/06\/megaphone-150x150.png\" alt=\"\" width=\"150\" height=\"150\" srcset=\"http:\/\/vilco.brussels\/wp-content\/uploads\/2019\/06\/megaphone-150x150.png 150w, http:\/\/vilco.brussels\/wp-content\/uploads\/2019\/06\/megaphone-300x300.png 300w, http:\/\/vilco.brussels\/wp-content\/uploads\/2019\/06\/megaphone-768x766.png 768w, http:\/\/vilco.brussels\/wp-content\/uploads\/2019\/06\/megaphone-1024x1021.png 1024w, http:\/\/vilco.brussels\/wp-content\/uploads\/2019\/06\/megaphone-250x250.png 250w, http:\/\/vilco.brussels\/wp-content\/uploads\/2019\/06\/megaphone-174x174.png 174w, http:\/\/vilco.brussels\/wp-content\/uploads\/2019\/06\/megaphone.png 1506w\" sizes=\"(max-width: 150px) 100vw, 150px\" \/><br \/>\n<\/strong><\/p>\n<p>Th\u00e9matique &lsquo;communication conjointe&rsquo;<\/p>\n<p><a href=\"http:\/\/vilco.brussels\/?page_id=3872\">Exp\u00e9rimentation 13<\/a><\/p>\n<p>&nbsp;<\/p>\n\t\t<\/div>\n\t\t<!-- End Announcement Excerpt -->\n\n\t\t\n\t<\/div>\n\t<!-- End Timeline Content -->\n\n<\/div>\n<!-- End Timeline Block -->\n\n<div class=\"cd-timeline-block ao\u00fbt 29 2019 announcement-no-image announcement-3351\">\n\n\t\n\t\t<div class=\"cd-timeline-img cd-picture icon-no-readmore\" style=\"background:#000000;\">\n\n\t\t\t<!-- Custom Action Hook -->\n\t\t\t\n\t\t\t\t<!-- Standard Font Awesome Icon -->\n\t\t\t\t<span class=\"fa fa-check\" title=\"Co-cr\u00e9ation d\u2019un protocole participatif d\u2019organisation d&rsquo;\u00e9v\u00e8nement\"><\/span>\n\n\t\t\t\n\t\t<\/div> <!-- cd-timeline-img -->\n\n\t\n\t<!-- Timeline Content -->\n\t<div class=\"cd-timeline-content\">\n\n\t\t\n\t\t<!-- Announcement Title -->\n\t\t<div class=\"cd-timeline-title-container\">\n\n\t\t\t\n\t\t\t<h2 class=\"cd-timeline-item-title\">\n\t\t\t\tCo-cr\u00e9ation d\u2019un protocole participatif d\u2019organisation d&rsquo;\u00e9v\u00e8nement\t\t\t<\/h2>\n\n\t\t\t\t\t<\/div>\n\t\t<!-- End Announcement Title -->\n\n\t\t\n\t\t<!-- Announcement Excerpt -->\n\t\t<div class=\"the-excerpt\">\n\t\t\t<p>L&rsquo;exp\u00e9rimentation consiste \u00e0 co-construire un protocole permettant \u00e0 une initiative citoyenne et une commune d&rsquo;organiser de fa\u00e7on conjointe un \u00e9v\u00e8nement.<\/p>\n<p><em>Premi\u00e8re r\u00e9union le 29 ao\u00fbt 2019, de 17h30 \u00e0 20h, au bar de la Maison Haute<br \/>\nSeconde r\u00e9union le 10 octobre 2019, de 17h30 \u00e0 19h30, au caf\u00e9 Les Archiducs<br \/>\n<\/em><\/p>\n<p><strong>Watermael-Boitsfort<img loading=\"lazy\" class=\"alignright wp-image-3546 size-thumbnail\" src=\"http:\/\/vilco.brussels\/wp-content\/uploads\/2019\/06\/Particip-150x109.png\" alt=\"\" width=\"150\" height=\"109\" srcset=\"http:\/\/vilco.brussels\/wp-content\/uploads\/2019\/06\/Particip-150x109.png 150w, http:\/\/vilco.brussels\/wp-content\/uploads\/2019\/06\/Particip-300x219.png 300w, http:\/\/vilco.brussels\/wp-content\/uploads\/2019\/06\/Particip-768x560.png 768w, http:\/\/vilco.brussels\/wp-content\/uploads\/2019\/06\/Particip-1024x746.png 1024w, http:\/\/vilco.brussels\/wp-content\/uploads\/2019\/06\/Particip.png 1059w\" sizes=\"(max-width: 150px) 100vw, 150px\" \/><\/strong><\/p>\n<p>Th\u00e9matique &lsquo;culture de la participation&rsquo;<\/p>\n<p><a href=\"http:\/\/vilco.brussels\/?page_id=3885\">Exp\u00e9rimentation 10<\/a><\/p>\n<p><a href=\"http:\/\/vilco.brussels\/?p=5044\">Premier retour sur cette exp\u00e9rimentation<\/a><\/p>\n<p>&nbsp;<\/p>\n\t\t<\/div>\n\t\t<!-- End Announcement Excerpt -->\n\n\t\t\n\t<\/div>\n\t<!-- End Timeline Content -->\n\n<\/div>\n<!-- End Timeline Block -->\n\n<div class=\"cd-timeline-block septembre 01 2019 announcement-no-image announcement-3350\">\n\n\t\n\t\t<div class=\"cd-timeline-img cd-picture icon-no-readmore\" style=\"background:#000000;\">\n\n\t\t\t<!-- Custom Action Hook -->\n\t\t\t\n\t\t\t\t<!-- Standard Font Awesome Icon -->\n\t\t\t\t<span class=\"fa fa-check\" title=\"Usage ponctuel de b\u00e2timents publics\"><\/span>\n\n\t\t\t\n\t\t<\/div> <!-- cd-timeline-img -->\n\n\t\n\t<!-- Timeline Content -->\n\t<div class=\"cd-timeline-content\">\n\n\t\t\n\t\t<!-- Announcement Title -->\n\t\t<div class=\"cd-timeline-title-container\">\n\n\t\t\t\n\t\t\t<h2 class=\"cd-timeline-item-title\">\n\t\t\t\tUsage ponctuel de b\u00e2timents publics\t\t\t<\/h2>\n\n\t\t\t\t\t<\/div>\n\t\t<!-- End Announcement Title -->\n\n\t\t\n\t\t<!-- Announcement Excerpt -->\n\t\t<div class=\"the-excerpt\">\n\t\t\t<p><img loading=\"lazy\" class=\" wp-image-6578 alignleft\" src=\"http:\/\/vilco.brussels\/wp-content\/uploads\/2019\/10\/exp9timeline-e1572338066986.png\" alt=\"\" width=\"180\" height=\"146\" srcset=\"http:\/\/vilco.brussels\/wp-content\/uploads\/2019\/10\/exp9timeline-e1572338066986.png 495w, http:\/\/vilco.brussels\/wp-content\/uploads\/2019\/10\/exp9timeline-e1572338066986-150x121.png 150w, http:\/\/vilco.brussels\/wp-content\/uploads\/2019\/10\/exp9timeline-e1572338066986-300x242.png 300w\" sizes=\"(max-width: 180px) 100vw, 180px\" \/>L&rsquo;exp\u00e9rimentation consiste en l&rsquo;\u00e9laboration d&rsquo;un outil pour communiquer sur la disponibilit\u00e9 des espaces communaux aux initiatives citoyennes.<\/p>\n<p><em>17 septembre 2019 \u00e0 19h<br \/>\n<\/em><\/p>\n<p><strong>Bruxelles-Ville <img loading=\"lazy\" class=\"alignright wp-image-3547 size-thumbnail\" src=\"http:\/\/vilco.brussels\/wp-content\/uploads\/2019\/06\/Co-ressourcessansfond-150x137.png\" alt=\"\" width=\"150\" height=\"137\" srcset=\"http:\/\/vilco.brussels\/wp-content\/uploads\/2019\/06\/Co-ressourcessansfond-150x137.png 150w, http:\/\/vilco.brussels\/wp-content\/uploads\/2019\/06\/Co-ressourcessansfond-300x274.png 300w, http:\/\/vilco.brussels\/wp-content\/uploads\/2019\/06\/Co-ressourcessansfond-768x702.png 768w, http:\/\/vilco.brussels\/wp-content\/uploads\/2019\/06\/Co-ressourcessansfond-1024x936.png 1024w, http:\/\/vilco.brussels\/wp-content\/uploads\/2019\/06\/Co-ressourcessansfond.png 1034w\" sizes=\"(max-width: 150px) 100vw, 150px\" \/><br \/>\n<\/strong><\/p>\n<p>Th\u00e9matique &lsquo;mutualisation des ressources&rsquo;<\/p>\n<p><a href=\"http:\/\/vilco.brussels\/?page_id=5550\">Exp\u00e9rimentation 9<\/a><\/p>\n<p><a href=\"http:\/\/vilco.brussels\/?p=6566\">En savoir plus sur l&rsquo;atelier du 17 septembre<\/a>.<\/p>\n\t\t<\/div>\n\t\t<!-- End Announcement Excerpt -->\n\n\t\t\n\t<\/div>\n\t<!-- End Timeline Content -->\n\n<\/div>\n<!-- End Timeline Block -->\n\n<div class=\"cd-timeline-block octobre 08 2019 announcement-no-image announcement-3354\">\n\n\t\n\t\t<div class=\"cd-timeline-img cd-picture icon-no-readmore\" style=\"background:#000000;\">\n\n\t\t\t<!-- Custom Action Hook -->\n\t\t\t\n\t\t\t\t<!-- Standard Font Awesome Icon -->\n\t\t\t\t<span class=\"fa fa-check\" title=\"Rencontres citoyennes dans les quartiers\"><\/span>\n\n\t\t\t\n\t\t<\/div> <!-- cd-timeline-img -->\n\n\t\n\t<!-- Timeline Content -->\n\t<div class=\"cd-timeline-content\">\n\n\t\t\n\t\t<!-- Announcement Title -->\n\t\t<div class=\"cd-timeline-title-container\">\n\n\t\t\t\n\t\t\t<h2 class=\"cd-timeline-item-title\">\n\t\t\t\tRencontres citoyennes dans les quartiers\t\t\t<\/h2>\n\n\t\t\t\t\t<\/div>\n\t\t<!-- End Announcement Title -->\n\n\t\t\n\t\t<!-- Announcement Excerpt -->\n\t\t<div class=\"the-excerpt\">\n\t\t\t<p><img loading=\"lazy\" class=\"aligncenter wp-image-6579 size-medium\" src=\"http:\/\/vilco.brussels\/wp-content\/uploads\/2019\/10\/Exp14z-e1572344343692-300x210.jpg\" alt=\"\" width=\"300\" height=\"210\" srcset=\"http:\/\/vilco.brussels\/wp-content\/uploads\/2019\/10\/Exp14z-e1572344343692-300x210.jpg 300w, http:\/\/vilco.brussels\/wp-content\/uploads\/2019\/10\/Exp14z-e1572344343692-150x105.jpg 150w, http:\/\/vilco.brussels\/wp-content\/uploads\/2019\/10\/Exp14z-e1572344343692-768x537.jpg 768w, http:\/\/vilco.brussels\/wp-content\/uploads\/2019\/10\/Exp14z-e1572344343692-1024x716.jpg 1024w\" sizes=\"(max-width: 300px) 100vw, 300px\" \/><\/p>\n<p>L&rsquo;exp\u00e9rimentation consiste \u00e0 repenser le format des rencontres de quartier pour qu&rsquo;il soit plus inclusif. Elle nous donne l&rsquo;occasion de tester une version adapt\u00e9e de la m\u00e9thodologie utilis\u00e9e pour l&rsquo;exp\u00e9rimentation 8 \u00e0 Ville de Bruxelles (avril\/mai 2019).<\/p>\n<ul>\n<li><em>Mardi 08 octobre, de 18h30 \u00e0 21h \u00e0 l&rsquo;\u00e9cole de Calevoet : Bourdon &#8211; Calevoet- Myosotis<\/em><\/li>\n<li><em>Mardi 22 octobre, de 18h30 \u00e0 21h \u00e0 l&rsquo;\u00e9cole du Longchamps : Churchill &#8211; Cavell \u2013 Montjoie<\/em><\/li>\n<li><em>Mardi 5 novembre, de 18h30 \u00e0 21h \u00e0 l&rsquo;\u00e9cole des \u00e9glantiers : Fond\u2019Roy &#8211; Prince d\u2019Orange<\/em><\/li>\n<\/ul>\n<p><strong>Uccle<img loading=\"lazy\" class=\"alignright wp-image-3546 size-thumbnail\" src=\"http:\/\/vilco.brussels\/wp-content\/uploads\/2019\/06\/Particip-150x109.png\" alt=\"\" width=\"150\" height=\"109\" srcset=\"http:\/\/vilco.brussels\/wp-content\/uploads\/2019\/06\/Particip-150x109.png 150w, http:\/\/vilco.brussels\/wp-content\/uploads\/2019\/06\/Particip-300x219.png 300w, http:\/\/vilco.brussels\/wp-content\/uploads\/2019\/06\/Particip-768x560.png 768w, http:\/\/vilco.brussels\/wp-content\/uploads\/2019\/06\/Particip-1024x746.png 1024w, http:\/\/vilco.brussels\/wp-content\/uploads\/2019\/06\/Particip.png 1059w\" sizes=\"(max-width: 150px) 100vw, 150px\" \/><\/strong><\/p>\n<p>Th\u00e9matique &lsquo;culture de la participation&rsquo;<\/p>\n<p><a href=\"http:\/\/vilco.brussels\/?page_id=5846\">Exp\u00e9rimentation 14<\/a><\/p>\n\t\t<\/div>\n\t\t<!-- End Announcement Excerpt -->\n\n\t\t\n\t<\/div>\n\t<!-- End Timeline Content -->\n\n<\/div>\n<!-- End Timeline Block -->\n\n<div class=\"cd-timeline-block octobre 15 2019 announcement-no-image announcement-3347\">\n\n\t\n\t\t<div class=\"cd-timeline-img cd-picture icon-no-readmore\" style=\"background:#f06403;\">\n\n\t\t\t<!-- Custom Action Hook -->\n\t\t\t\n\t\t\t\t<!-- Standard Font Awesome Icon -->\n\t\t\t\t<span class=\"fa fa-hourglass-2\" title=\"Parcours participation\"><\/span>\n\n\t\t\t\n\t\t<\/div> <!-- cd-timeline-img -->\n\n\t\n\t<!-- Timeline Content -->\n\t<div class=\"cd-timeline-content\">\n\n\t\t\n\t\t<!-- Announcement Title -->\n\t\t<div class=\"cd-timeline-title-container\">\n\n\t\t\t\n\t\t\t<h2 class=\"cd-timeline-item-title\">\n\t\t\t\tParcours participation\t\t\t<\/h2>\n\n\t\t\t\t\t<\/div>\n\t\t<!-- End Announcement Title -->\n\n\t\t\n\t\t<!-- Announcement Excerpt -->\n\t\t<div class=\"the-excerpt\">\n\t\t\t<p>Organisation d&rsquo;une formation conjointe agents\/citoyens sur la participation.<\/p>\n<p><em>du 15 octobre au 30 novembre<\/em><\/p>\n<p><span style=\"color: #384264\"><strong>Tous les living labs <img loading=\"lazy\" class=\"alignright wp-image-3546 size-thumbnail\" src=\"http:\/\/vilco.brussels\/wp-content\/uploads\/2019\/06\/Particip-150x109.png\" alt=\"\" width=\"150\" height=\"109\" srcset=\"http:\/\/vilco.brussels\/wp-content\/uploads\/2019\/06\/Particip-150x109.png 150w, http:\/\/vilco.brussels\/wp-content\/uploads\/2019\/06\/Particip-300x219.png 300w, http:\/\/vilco.brussels\/wp-content\/uploads\/2019\/06\/Particip-768x560.png 768w, http:\/\/vilco.brussels\/wp-content\/uploads\/2019\/06\/Particip-1024x746.png 1024w, http:\/\/vilco.brussels\/wp-content\/uploads\/2019\/06\/Particip.png 1059w\" sizes=\"(max-width: 150px) 100vw, 150px\" \/><br \/>\n<\/strong><\/span><\/p>\n<p>Th\u00e9matique &lsquo;culture de la participation&rsquo;<\/p>\n<p><a href=\"http:\/\/vilco.brussels\/?page_id=5917\">Exp\u00e9rimentation 3<\/a><\/p>\n\t\t<\/div>\n\t\t<!-- End Announcement Excerpt -->\n\n\t\t\n\t<\/div>\n\t<!-- End Timeline Content -->\n\n<\/div>\n<!-- End Timeline Block -->\n\n<div class=\"cd-timeline-block octobre 25 2019 announcement-no-image announcement-3352\">\n\n\t\n\t\t<div class=\"cd-timeline-img cd-picture icon-no-readmore\" style=\"background:#000000;\">\n\n\t\t\t<!-- Custom Action Hook -->\n\t\t\t\n\t\t\t\t<!-- Standard Font Awesome Icon -->\n\t\t\t\t<span class=\"fa fa-hourglass-half\" title=\"Assembl\u00e9e de quartier\"><\/span>\n\n\t\t\t\n\t\t<\/div> <!-- cd-timeline-img -->\n\n\t\n\t<!-- Timeline Content -->\n\t<div class=\"cd-timeline-content\">\n\n\t\t\n\t\t<!-- Announcement Title -->\n\t\t<div class=\"cd-timeline-title-container\">\n\n\t\t\t\n\t\t\t<h2 class=\"cd-timeline-item-title\">\n\t\t\t\tAssembl\u00e9e de quartier\t\t\t<\/h2>\n\n\t\t\t\t\t<\/div>\n\t\t<!-- End Announcement Title -->\n\n\t\t\n\t\t<!-- Announcement Excerpt -->\n\t\t<div class=\"the-excerpt\">\n\t\t\t<p>L&rsquo;exp\u00e9rimentation consiste \u00e0 tester \u00e0 l&rsquo;\u00e9chelle d&rsquo;un quartier un nouveau format d&rsquo;assembl\u00e9e de quartier. L&rsquo;objectif \u00e9tant de d\u00e9finir les objectifs, le sens, esquisser les modalit\u00e9s et d&rsquo;inclure les acteurs qui ne sont pas li\u00e9s \u00e0 la participation.<\/p>\n<p><em>25 octobre 2019<\/em><\/p>\n<p><strong>Etterbeek<img loading=\"lazy\" class=\"alignright wp-image-3546 size-thumbnail\" src=\"http:\/\/vilco.brussels\/wp-content\/uploads\/2019\/06\/Particip-150x109.png\" alt=\"\" width=\"150\" height=\"109\" srcset=\"http:\/\/vilco.brussels\/wp-content\/uploads\/2019\/06\/Particip-150x109.png 150w, http:\/\/vilco.brussels\/wp-content\/uploads\/2019\/06\/Particip-300x219.png 300w, http:\/\/vilco.brussels\/wp-content\/uploads\/2019\/06\/Particip-768x560.png 768w, http:\/\/vilco.brussels\/wp-content\/uploads\/2019\/06\/Particip-1024x746.png 1024w, http:\/\/vilco.brussels\/wp-content\/uploads\/2019\/06\/Particip.png 1059w\" sizes=\"(max-width: 150px) 100vw, 150px\" \/><\/strong><\/p>\n<p>Th\u00e9matique \u00ab\u00a0culture de la participation\u00a0\u00bb<\/p>\n<p>Exp\u00e9rimentation 12<\/p>\n<p><a href=\"http:\/\/vilco.brussels\/?p=5215\">Article et cas inspirants par Raphaelle Agostini <\/a>(Strategic Design Scenarios)<\/p>\n<div id=\"mobilebgfix\"><\/div>\n\t\t<\/div>\n\t\t<!-- End Announcement Excerpt -->\n\n\t\t\n\t<\/div>\n\t<!-- End Timeline Content -->\n\n<\/div>\n<!-- End Timeline Block -->\n\n<div class=\"cd-timeline-block octobre 29 2019 announcement-no-image announcement-2893\">\n\n\t\n\t\t<div class=\"cd-timeline-img cd-picture icon-no-readmore\" style=\"background:#f06403;\">\n\n\t\t\t<!-- Custom Action Hook -->\n\t\t\t\n\t\t\t\t<!-- Standard Font Awesome Icon -->\n\t\t\t\t<span class=\"fa fa-check\" title=\"Cycle d\u2019\u00e9changes, de formations et d\u2019ateliers sur le(s) budget(s) participatif(s)\"><\/span>\n\n\t\t\t\n\t\t<\/div> <!-- cd-timeline-img -->\n\n\t\n\t<!-- Timeline Content -->\n\t<div class=\"cd-timeline-content\">\n\n\t\t\n\t\t<!-- Announcement Title -->\n\t\t<div class=\"cd-timeline-title-container\">\n\n\t\t\t\n\t\t\t<h2 class=\"cd-timeline-item-title\">\n\t\t\t\tCycle d\u2019\u00e9changes, de formations et d\u2019ateliers sur le(s) budget(s) participatif(s)\t\t\t<\/h2>\n\n\t\t\t\t\t<\/div>\n\t\t<!-- End Announcement Title -->\n\n\t\t\n\t\t<!-- Announcement Excerpt -->\n\t\t<div class=\"the-excerpt\">\n\t\t\t<div id=\"mobilebgfix\">\n<div>\n<div id=\"content\">\n<div>\n<div>\n<div id=\"primary\">\n<article id=\"post-4081\">\n<div>\n<div id=\"mobilebgfix\">\n<div>\n<div id=\"content\">\n<div>\n<div>\n<div id=\"primary\">\n<article id=\"post-4001\">\n<div>\n<p>Le th\u00e8me du Budget participatif a \u00e9merg\u00e9 \u00e0 plusieurs reprises lors des ateliers et groupes de travail VILCO. Il int\u00e9resse autant qu\u2019il intrigue et sa mise en \u0153uvre semble parfois complexe. Pour explorer les potentiels, saisir les enjeux de ce vaste sujet et envisager sa mise en \u0153uvre, l\u2019\u00e9quipe VILCO s\u2019associe \u00e0 <a href=\"https:\/\/periferia.be\/\">Periferia<\/a> et propose un cycle de rencontres sur les budgets participatifs.<\/p>\n<\/div>\n<\/article>\n<\/div>\n<\/div>\n<\/div>\n<\/div>\n<\/div>\n<\/div>\n<\/div>\n<\/article>\n<\/div>\n<\/div>\n<\/div>\n<\/div>\n<\/div>\n<\/div>\n<p><img loading=\"lazy\" class=\"wp-image-3517 alignright\" src=\"http:\/\/vilco.brussels\/wp-content\/uploads\/2019\/06\/buget.png\" alt=\"\" width=\"84\" height=\"82\" \/><\/p>\n<ul>\n<li><em><span style=\"text-decoration: underline\">Cin\u00e9-d\u00e9bat le mardi 29 octobre<\/span> : projection du film \u00abLa r\u00e9volution douce\u00bb, suivi d&rsquo;un d\u00e9bat pour comprendre ce qu\u2019est un budget participatif et en identifier les enjeux. Lieu : salle de l\u2019Europe (H\u00f4tel communal, place Van Meenen 39 \u00e0 1060 Saint-Gilles)<br \/>\n<\/em><\/li>\n<li><em><span style=\"text-decoration: underline\">Conf\u00e9rence d\u00e9bat le mardi 12 novembre<\/span> : Yves Cabanne : Budgets participatifs : enjeux identifi\u00e9s \u00e0 partir d\u2019exp\u00e9riences d\u00e9velopp\u00e9es sur les diff\u00e9rents continents.<\/em><\/li>\n<li><em><span style=\"text-decoration: underline\">Atelier multi-acteurs le jeudi 14 novembre<\/span> : \u00abRendre un budget communal participatif et cog\u00e9r\u00e9\u00bb, moment d\u2019outillage pour apporter des r\u00e9ponses \u00e0 des questions pr\u00e9cises.<\/em><\/li>\n<\/ul>\n<p><span style=\"color: #384264\"><strong>Tous les living labs<\/strong><\/span><\/p>\n<p>Th\u00e9matique &lsquo;budgets participatifs&rsquo;<\/p>\n<p><a href=\"http:\/\/vilco.brussels\/?page_id=4081\">Exp\u00e9rimentation 4<\/a><\/p>\n<p><a href=\"http:\/\/vilco.brussels\/wp-content\/uploads\/2019\/11\/Expo-BP_Vilco.pdf\">Cas Inspirants de budgets participatifs dans des villes europ\u00e9ennes<\/a> par Lucia Aboutaoufik (<a href=\"https:\/\/www.21solutions.eu\/\">21 Solutions<\/a>) avec l\u2019appui de <a href=\"https:\/\/periferia.be\/\">Periferia<\/a>.<\/p>\n<p><a href=\"http:\/\/vilco.brussels\/?p=7359\">Retour sur le cycle de Budgets participatifs par Alessandra Kegeleirs <\/a>(<a href=\"https:\/\/www.21solutions.eu\/\">21 Solutions<\/a>).<\/p>\n\t\t<\/div>\n\t\t<!-- End Announcement Excerpt -->\n\n\t\t\n\t<\/div>\n\t<!-- End Timeline Content -->\n\n<\/div>\n<!-- End Timeline Block -->\n\n<div class=\"cd-timeline-block novembre 03 2019 announcement-no-image announcement-2865\">\n\n\t\n\t\t<div class=\"cd-timeline-img cd-picture icon-no-readmore\" style=\"background:#f06403;\">\n\n\t\t\t<!-- Custom Action Hook -->\n\t\t\t\n\t\t\t\t<!-- Standard Font Awesome Icon -->\n\t\t\t\t<span class=\"fa fa-check\" title=\"Communikathon VILCO\"><\/span>\n\n\t\t\t\n\t\t<\/div> <!-- cd-timeline-img -->\n\n\t\n\t<!-- Timeline Content -->\n\t<div class=\"cd-timeline-content\">\n\n\t\t\n\t\t<!-- Announcement Title -->\n\t\t<div class=\"cd-timeline-title-container\">\n\n\t\t\t\n\t\t\t<h2 class=\"cd-timeline-item-title\">\n\t\t\t\tCommunikathon VILCO\t\t\t<\/h2>\n\n\t\t\t\t\t<\/div>\n\t\t<!-- End Announcement Title -->\n\n\t\t\n\t\t<!-- Announcement Excerpt -->\n\t\t<div class=\"the-excerpt\">\n\t\t\t<p>Nombres d\u2019initiatives ont exprim\u00e9 le souhait de travailler sur leurs outils de communication ( journal communal, site web, agenda local, etc.). L\u2019objectif de cette exp\u00e9rimentation\u00a0est de cr\u00e9er des conditions propices \u00e0 l\u2019\u00e9change de leurs pratiques et \u00e0 l\u2019am\u00e9lioration ou cr\u00e9ation de supports de communications.<img loading=\"lazy\" class=\" wp-image-3521 alignright\" src=\"http:\/\/vilco.brussels\/wp-content\/uploads\/2019\/06\/megaphone-1024x1021.png\" alt=\"\" width=\"168\" height=\"167\" srcset=\"http:\/\/vilco.brussels\/wp-content\/uploads\/2019\/06\/megaphone-1024x1021.png 1024w, http:\/\/vilco.brussels\/wp-content\/uploads\/2019\/06\/megaphone-150x150.png 150w, http:\/\/vilco.brussels\/wp-content\/uploads\/2019\/06\/megaphone-300x300.png 300w, http:\/\/vilco.brussels\/wp-content\/uploads\/2019\/06\/megaphone-768x766.png 768w, http:\/\/vilco.brussels\/wp-content\/uploads\/2019\/06\/megaphone-250x250.png 250w, http:\/\/vilco.brussels\/wp-content\/uploads\/2019\/06\/megaphone-174x174.png 174w, http:\/\/vilco.brussels\/wp-content\/uploads\/2019\/06\/megaphone.png 1506w\" sizes=\"(max-width: 168px) 100vw, 168px\" \/><\/p>\n<p><em>23 janvier 2020<\/em><\/p>\n<p><strong>Tous les living labs<\/strong><\/p>\n<p>Th\u00e9matique &lsquo;communication conjointe&rsquo;<\/p>\n<p><a href=\"http:\/\/vilco.brussels\/?page_id=4001\">Exp\u00e9rimentation 2<\/a><\/p>\n<p><a href=\"http:\/\/vilco.brussels\/?p=8519\">Retour sur l&rsquo;atelier du 23 janvier<\/a><\/p>\n\t\t<\/div>\n\t\t<!-- End Announcement Excerpt -->\n\n\t\t\n\t<\/div>\n\t<!-- End Timeline Content -->\n\n<\/div>\n<!-- End Timeline Block -->\n\n<div class=\"cd-timeline-block novembre 26 2019 announcement-no-image announcement-2101\">\n\n\t\n\t\t<div class=\"cd-timeline-img cd-picture icon-no-readmore\" style=\"background:#000000;\">\n\n\t\t\t<!-- Custom Action Hook -->\n\t\t\t\n\t\t\t\t<!-- Standard Font Awesome Icon -->\n\t\t\t\t<span class=\"fa fa-hourglass-2\" title=\"Co-cr\u00e9ation d&rsquo;un \u00e9v\u00e8nement pour donner \u00e0 voir les initiatives locales\"><\/span>\n\n\t\t\t\n\t\t<\/div> <!-- cd-timeline-img -->\n\n\t\n\t<!-- Timeline Content -->\n\t<div class=\"cd-timeline-content\">\n\n\t\t\n\t\t<!-- Announcement Title -->\n\t\t<div class=\"cd-timeline-title-container\">\n\n\t\t\t\n\t\t\t<h2 class=\"cd-timeline-item-title\">\n\t\t\t\tCo-cr\u00e9ation d&rsquo;un \u00e9v\u00e8nement pour donner \u00e0 voir les initiatives locales\t\t\t<\/h2>\n\n\t\t\t\t\t<\/div>\n\t\t<!-- End Announcement Title -->\n\n\t\t\n\t\t<!-- Announcement Excerpt -->\n\t\t<div class=\"the-excerpt\">\n\t\t\t<p><em>Hiver 2019<strong><img loading=\"lazy\" class=\"alignright wp-image-3521 size-thumbnail\" src=\"http:\/\/vilco.brussels\/wp-content\/uploads\/2019\/06\/megaphone-150x150.png\" alt=\"\" width=\"150\" height=\"150\" srcset=\"http:\/\/vilco.brussels\/wp-content\/uploads\/2019\/06\/megaphone-150x150.png 150w, http:\/\/vilco.brussels\/wp-content\/uploads\/2019\/06\/megaphone-300x300.png 300w, http:\/\/vilco.brussels\/wp-content\/uploads\/2019\/06\/megaphone-768x766.png 768w, http:\/\/vilco.brussels\/wp-content\/uploads\/2019\/06\/megaphone-1024x1021.png 1024w, http:\/\/vilco.brussels\/wp-content\/uploads\/2019\/06\/megaphone-250x250.png 250w, http:\/\/vilco.brussels\/wp-content\/uploads\/2019\/06\/megaphone-174x174.png 174w, http:\/\/vilco.brussels\/wp-content\/uploads\/2019\/06\/megaphone.png 1506w\" sizes=\"(max-width: 150px) 100vw, 150px\" \/><\/strong><\/em><\/p>\n<p><strong>Watermael-Boitsfort<\/strong><\/p>\n<p>Th\u00e9matique &lsquo;communication conjointe&rsquo;<\/p>\n<p>Exp\u00e9rimentation 11<\/p>\n\t\t<\/div>\n\t\t<!-- End Announcement Excerpt -->\n\n\t\t\n\t<\/div>\n\t<!-- End Timeline Content -->\n\n<\/div>\n<!-- End Timeline Block -->\n\n<div class=\"cd-timeline-block d\u00e9cembre 02 2019 announcement-no-image announcement-2855\">\n\n\t\n\t\t<div class=\"cd-timeline-img cd-picture icon-no-readmore\" style=\"background:#000000;\">\n\n\t\t\t<!-- Custom Action Hook -->\n\t\t\t\n\t\t\t\t<!-- Standard Font Awesome Icon -->\n\t\t\t\t<span class=\"fa fa-check\" title=\"Les coulisses de l&rsquo;administration d&rsquo;Uccle\"><\/span>\n\n\t\t\t\n\t\t<\/div> <!-- cd-timeline-img -->\n\n\t\n\t<!-- Timeline Content -->\n\t<div class=\"cd-timeline-content\">\n\n\t\t\n\t\t<!-- Announcement Title -->\n\t\t<div class=\"cd-timeline-title-container\">\n\n\t\t\t\n\t\t\t<h2 class=\"cd-timeline-item-title\">\n\t\t\t\tLes coulisses de l&rsquo;administration d&rsquo;Uccle\t\t\t<\/h2>\n\n\t\t\t\t\t<\/div>\n\t\t<!-- End Announcement Title -->\n\n\t\t\n\t\t<!-- Announcement Excerpt -->\n\t\t<div class=\"the-excerpt\">\n\t\t\t<p>L\u2019exp\u00e9rimentation consiste \u00e0 lever le voile sur le fonctionnement de l&rsquo;administration par le biais d&rsquo;un cas pratique de demande adress\u00e9e \u00e0 la Commune. Les participants suivent l&rsquo;\u00e9volution de cette demande, d\u00e9couvrent les acteurs qui la traitent et les proc\u00e9dures \u00e0 suivre ainsi que les raison d&rsquo;\u00eatre de ces derni\u00e8res.<\/p>\n<p><em>3 mars 2020, de 16h \u00e0 17h30, avenue Paul Stroobant 41.<\/em><\/p>\n<p><strong>Uccle<img loading=\"lazy\" class=\"alignright wp-image-3552 size-full\" src=\"http:\/\/vilco.brussels\/wp-content\/uploads\/2019\/06\/transversalite.png\" alt=\"\" width=\"117\" height=\"117\" \/><\/strong><\/p>\n<p>Th\u00e9matique &lsquo;projets citoyens&rsquo;<\/p>\n<p><a href=\"http:\/\/vilco.brussels\/?page_id=7750\">Exp\u00e9rimentation 15<\/a><\/p>\n<p><a href=\"http:\/\/vilco.brussels\/?p=9000\">Vid\u00e9o de la visite des coulisses de l&rsquo;administration communale d&rsquo;Uccle<\/a><\/p>\n\t\t<\/div>\n\t\t<!-- End Announcement Excerpt -->\n\n\t\t\n\t<\/div>\n\t<!-- End Timeline Content -->\n\n<\/div>\n<!-- End Timeline Block -->\n\n\t\t\t<\/section>\n\n\t\t\t<!-- Timeline Express Free v1.8.1 | Site: https:\/\/www.wp-timelineexpress.com | Author: CodeParrots - http:\/\/www.codeparrots.com -->\n","protected":false},"excerpt":{"rendered":"<p>Cette section est r\u00e9guli\u00e8rement mise \u00e0 jour et permet de suivre l&rsquo;\u00e9tat d&rsquo;avancement des exp\u00e9rimentations. Celles qui sont achev\u00e9es sont marqu\u00e9es d&rsquo;un &lsquo;Checked&rsquo;. le symbole du sablier indique quant \u00e0 lui les exp\u00e9rimentations qui sont en cours ou en pr\u00e9paration. Enfin la couleur orange est utilis\u00e9e pour les exp\u00e9rimentations qui sont collectives, c&rsquo;est-\u00e0-dire ouvertes \u00e0 l&rsquo;ensemble des dynamiques locales. Exp\u00e9rimentation<\/p>\n","protected":false},"author":1,"featured_media":0,"parent":3563,"menu_order":0,"comment_status":"closed","ping_status":"closed","template":"template-fullwidth.php","meta":[],"_links":{"self":[{"href":"http:\/\/vilco.brussels\/index.php?rest_route=\/wp\/v2\/pages\/1602"}],"collection":[{"href":"http:\/\/vilco.brussels\/index.php?rest_route=\/wp\/v2\/pages"}],"about":[{"href":"http:\/\/vilco.brussels\/index.php?rest_route=\/wp\/v2\/types\/page"}],"author":[{"embeddable":true,"href":"http:\/\/vilco.brussels\/index.php?rest_route=\/wp\/v2\/users\/1"}],"replies":[{"embeddable":true,"href":"http:\/\/vilco.brussels\/index.php?rest_route=%2Fwp%2Fv2%2Fcomments&post=1602"}],"version-history":[{"count":27,"href":"http:\/\/vilco.brussels\/index.php?rest_route=\/wp\/v2\/pages\/1602\/revisions"}],"predecessor-version":[{"id":3707,"href":"http:\/\/vilco.brussels\/index.php?rest_route=\/wp\/v2\/pages\/1602\/revisions\/3707"}],"up":[{"embeddable":true,"href":"http:\/\/vilco.brussels\/index.php?rest_route=\/wp\/v2\/pages\/3563"}],"wp:attachment":[{"href":"http:\/\/vilco.brussels\/index.php?rest_route=%2Fwp%2Fv2%2Fmedia&parent=1602"}],"curies":[{"name":"wp","href":"https:\/\/api.w.org\/{rel}","templated":true}]}}